{"id":3,"date":"2019-01-07T10:09:14","date_gmt":"2019-01-07T09:09:14","guid":{"rendered":"http:\/\/www.parking-wroclaw.com.pl\/?page_id=3"},"modified":"2020-08-14T07:50:50","modified_gmt":"2020-08-14T05:50:50","slug":"polityka-prywatnosci","status":"publish","type":"page","link":"https:\/\/www.parking-wroclaw.com.pl\/en\/polityka-prywatnosci\/","title":{"rendered":"Polityka prywatno\u015bci"},"content":{"rendered":"<div data-elementor-type=\"wp-page\" data-elementor-id=\"3\" class=\"elementor elementor-3\" data-elementor-post-type=\"page\">\n\t\t\t\t\t\t<section class=\"elementor-section elementor-top-section elementor-element elementor-element-47a06f6e elementor-section-boxed elementor-section-height-default elementor-section-height-default\" data-id=\"47a06f6e\" data-element_type=\"section\">\n\t\t\t\t\t\t<div class=\"elementor-container elementor-column-gap-default\">\n\t\t\t\t\t<div class=\"elementor-column elementor-col-100 elementor-top-column elementor-element elementor-element-774f7e73\" data-id=\"774f7e73\" data-element_type=\"column\">\n\t\t\t<div class=\"elementor-widget-wrap elementor-element-populated\">\n\t\t\t\t\t\t<div class=\"elementor-element elementor-element-58ede723 elementor-widget elementor-widget-text-editor\" data-id=\"58ede723\" data-element_type=\"widget\" data-widget_type=\"text-editor.default\">\n\t\t\t\t<div class=\"elementor-widget-container\">\n\t\t\t\t\t\t\t\t\t<p>Zgodnie z art. 13 ust. 1 i ust. 2 og\u00f3lnego rozporz\u0105dzenia o ochronie danych osobowych z dnia 27 kwietnia 2016 r. informuj\u0119, i\u017c:<\/p><p>1) administratorem Pani\/Pana danych osobowych jest\u00a0<strong>MARO Marek Karwi\u0144ski z siedzib\u0105 w\u00a054-530 Wroc\u0142aw, ul.Graniczna 85<\/strong> <\/p><p>\u00a0<\/p><p>2) inspektorem ochrony danych w\u00a0parking-wroclaw.com.pl jest <strong>MARO &#8211; Marek Karwi\u0144ski, 54-530 Wroc\u0142aw, ul.Graniczna 85<\/strong>\u00a0 <\/p><p>\u00a0<\/p><p>3) Pani\/Pana dane osobowe przetwarzane b\u0119d\u0105 w celu \u015bwiadczenia dla Pa\u0144stwa us\u0142ug. We w\u0142a\u015bciwych przypadkach i zgodnie z przepisami prawa i wymogami mo\u017cemy r\u00f3wnie\u017c wykorzystywa\u0107 dane osobowe do takich cel\u00f3w, jak marketing, profilowanie i monitorowanie zr\u00f3\u017cnicowania. We w\u0142a\u015bciwych przypadkach zwr\u00f3cimy si\u0119 o zgod\u0119 na podj\u0119cie niekt\u00f3rych z tych dzia\u0142a\u0144 na podstawie art. 6 ust. 1 lit. b), c) RODO w celu realizacji przez administratora danych um\u00f3w (zlece\u0144) oraz wszelkich innych obowi\u0105zk\u00f3w prawnych zwi\u0105zanych z ich zawarciem lub wykonywaniem, a tak\u017ce dochodzeniem przez administratora praw (obron\u0105 roszcze\u0144) z tym zwi\u0105zanych. Dane te przetwarzamy r\u00f3wnie\u017c na podstawie art. 6 ust. 1 lit. f) RODO w celu marketingu produkt\u00f3w i us\u0142ug oferowanych przez administratora. Dane osobowe b\u0119d\u0105 przetwarzane w tym celu do czasu wniesienia przez Pani\u0105\/Pana sprzeciwu wobec ich przetwarzania. Podanie tych danych jest dobrowolne, ale niezb\u0119dne do realizacji tego celu. \u00a0<\/p><p>\u00a0<\/p><p>4) Odbiorc\u0105 Pani\/Pana danych osobowych b\u0119d\u0105 podmioty wsp\u00f3\u0142pracuj\u0105ce z administratorem w wykonywaniu przez niego czynno\u015bci zwi\u0105zanych z realizacj\u0105 cel\u00f3w przetwarzania, tj. podmioty wsp\u00f3\u0142dzia\u0142aj\u0105ce w realizacji um\u00f3w (zlece\u0144), w wykonywaniu obowi\u0105zk\u00f3w prawnych zwi\u0105zanych z tymi umowami (zleceniami), w dochodzeniu praw (obronie roszcze\u0144), w marketingu towar\u00f3w\/us\u0142ug np. dostawcy towar\u00f3w\/us\u0142ug, podwykonawcy, doradcy techniczni, konsultanci, podmioty \u015bwiadcz\u0105ce us\u0142ugi ksi\u0119gowe, prawne, informatyczne, pocztowe, kurierskie, noclegowe. Administrator wsp\u00f3\u0142pracuje r\u00f3wnie\u017c z Krajowym Rejestrem D\u0142ug\u00f3w. \u00a0<\/p><p>\u00a0<\/p><p>5) Pani\/Pana dane osobowe nie b\u0119d\u0105 przekazywane do pa\u0144stwa trzeciego ani organizacji mi\u0119dzynarodowej. Nie b\u0119dzie Pani\/Pan podlega\u0107 decyzjom, kt\u00f3re opiera\u0142y by si\u0119 wy\u0142\u0105cznie na zautomatyzowanym przetwarzaniu Pani\/Pana danych osobowych, w tym na profilowaniu. \u00a0<\/p><p>\u00a0<\/p><p>6) Pani\/Pana dane osobowe b\u0119d\u0105 przechowywane przez okres 6 lat od ko\u0144ca roku, w kt\u00f3rym usta\u0142y wszelkie relacje prawne (prawa i obowi\u0105zki) zwi\u0105zane z tymi umowami (zleceniami), tak\u017ce odnosz\u0105ce si\u0119 do zabezpiecze\u0144, bez wzgl\u0119du na przyczyn\u0119 ich ustania, np. wyga\u015bni\u0119cie zobowi\u0105za\u0144 przez wykonanie, potr\u0105cenie, przedawnienie, up\u0142yw czasu, ustanie odpowiedzialno\u015bci zwi\u0105zanej z tymi umowami (zleceniami) np. na gruncie gwarancji i r\u0119kojmi, obowi\u0105zk\u00f3w odszkodowawczych (kar umownych) oraz zako\u0144czenie kontroli podatkowych i innych post\u0119powa\u0144 prowadzonych w zwi\u0105zku z tymi umowami (zleceniami). Podanie danych osobowych jest dobrowolne, ale niezb\u0119dne do realizacji przez administratora powy\u017cszych cel\u00f3w, w tym dla zawarcia i wykonania umowy (zlecenia) oraz realizacji innych obowi\u0105zk\u00f3w prawnych z tym zwi\u0105zanych. \u00a0<\/p><p>7) Posiada Pani\/Pan prawo dost\u0119pu do tre\u015bci swoich danych oraz prawo ich sprostowania, usuni\u0119cia, ograniczenia przetwarzania, prawo do przenoszenia danych, prawo wniesienia sprzeciwu, prawo do cofni\u0119cia zgody w dowolnym momencie bez wp\u0142ywu na zgodno\u015b\u0107 z prawem przetwarzania, kt\u00f3rego dokonano na podstawie zgody przed jej cofni\u0119ciem. \u00a0<\/p><p>\u00a0<\/p><p>8) Ma Pan\/Pani prawo wniesienia skargi do GIODO gdy uzna Pani\/Pan, i\u017c przetwarzanie danych osobowych Pani\/Pana dotycz\u0105cych narusza przepisy og\u00f3lnego rozporz\u0105dzenia o ochronie danych osobowych z dnia 27 kwietnia 2016 r. \u00a0<\/p><p>\u00a0<\/p><p>9) Podanie przez Pana\/Pani\u0105 danych osobowych jest warunkiem \u015bwiadczenia przez nas us\u0142ug oraz sprawnej i zgodnej z umow\u0105 realizacji Pa\u0144stwa zam\u00f3wienia. Jest Pan\/Pani zobowi\u0105zana do ich podania, a konsekwencj\u0105 niepodania danych osobowych b\u0119dzie brak mo\u017cliwo\u015bci kontaktu i \u015bwiadczenia us\u0142ug. \u00a0 10) Pani\/Pana dane b\u0119d\u0105 przetwarzane w spos\u00f3b zautomatyzowany w tym r\u00f3wnie\u017c w formie profilowania.<\/p><p>\u00a0<\/p><p>\u00a0<\/p>\t\t\t\t\t\t\t\t<\/div>\n\t\t\t\t<\/div>\n\t\t\t\t\t<\/div>\n\t\t<\/div>\n\t\t\t\t\t<\/div>\n\t\t<\/section>\n\t\t\t\t<\/div>","protected":false},"excerpt":{"rendered":"<p>Zgodnie z art. 13 ust. 1 i ust. 2 og\u00f3lnego rozporz\u0105dzenia o ochronie danych osobowych z dnia 27 kwietnia 2016 r. informuj\u0119, i\u017c: 1) administratorem Pani\/Pana danych osobowych jest\u00a0MARO Marek Karwi\u0144ski z siedzib\u0105 w\u00a054-530 Wroc\u0142aw, ul.Graniczna 85 \u00a0 2) inspektorem ochrony danych w\u00a0parking-wroclaw.com.pl jest MARO &#8211; Marek Karwi\u0144ski, 54-530 Wroc\u0142aw, ul.Graniczna 85\u00a0 \u00a0 3) Pani\/Pana [&hellip;]<\/p>","protected":false},"author":1,"featured_media":0,"parent":0,"menu_order":9999,"comment_status":"closed","ping_status":"closed","template":"","meta":{"_acf_changed":false,"ocean_post_layout":"","ocean_both_sidebars_style":"","ocean_both_sidebars_content_width":0,"ocean_both_sidebars_sidebars_width":0,"ocean_sidebar":"","ocean_second_sidebar":"","ocean_disable_margins":"enable","ocean_add_body_class":"","ocean_shortcode_before_top_bar":"","ocean_shortcode_after_top_bar":"","ocean_shortcode_before_header":"","ocean_shortcode_after_header":"","ocean_has_shortcode":"","ocean_shortcode_after_title":"","ocean_shortcode_before_footer_widgets":"","ocean_shortcode_after_footer_widgets":"","ocean_shortcode_before_footer_bottom":"","ocean_shortcode_after_footer_bottom":"","ocean_display_top_bar":"default","ocean_display_header":"default","ocean_header_style":"","ocean_center_header_left_menu":"","ocean_custom_header_template":"","ocean_custom_logo":0,"ocean_custom_retina_logo":0,"ocean_custom_logo_max_width":0,"ocean_custom_logo_tablet_max_width":0,"ocean_custom_logo_mobile_max_width":0,"ocean_custom_logo_max_height":0,"ocean_custom_logo_tablet_max_height":0,"ocean_custom_logo_mobile_max_height":0,"ocean_header_custom_menu":"","ocean_menu_typo_font_family":"","ocean_menu_typo_font_subset":"","ocean_menu_typo_font_size":0,"ocean_menu_typo_font_size_tablet":0,"ocean_menu_typo_font_size_mobile":0,"ocean_menu_typo_font_size_unit":"px","ocean_menu_typo_font_weight":"","ocean_menu_typo_font_weight_tablet":"","ocean_menu_typo_font_weight_mobile":"","ocean_menu_typo_transform":"","ocean_menu_typo_transform_tablet":"","ocean_menu_typo_transform_mobile":"","ocean_menu_typo_line_height":0,"ocean_menu_typo_line_height_tablet":0,"ocean_menu_typo_line_height_mobile":0,"ocean_menu_typo_line_height_unit":"","ocean_menu_typo_spacing":0,"ocean_menu_typo_spacing_tablet":0,"ocean_menu_typo_spacing_mobile":0,"ocean_menu_typo_spacing_unit":"","ocean_menu_link_color":"","ocean_menu_link_color_hover":"","ocean_menu_link_color_active":"","ocean_menu_link_background":"","ocean_menu_link_hover_background":"","ocean_menu_link_active_background":"","ocean_menu_social_links_bg":"","ocean_menu_social_hover_links_bg":"","ocean_menu_social_links_color":"","ocean_menu_social_hover_links_color":"","ocean_disable_title":"default","ocean_disable_heading":"default","ocean_post_title":"","ocean_post_subheading":"","ocean_post_title_style":"","ocean_post_title_background_color":"","ocean_post_title_background":0,"ocean_post_title_bg_image_position":"","ocean_post_title_bg_image_attachment":"","ocean_post_title_bg_image_repeat":"","ocean_post_title_bg_image_size":"","ocean_post_title_height":0,"ocean_post_title_bg_overlay":0.5,"ocean_post_title_bg_overlay_color":"","ocean_disable_breadcrumbs":"default","ocean_breadcrumbs_color":"","ocean_breadcrumbs_separator_color":"","ocean_breadcrumbs_links_color":"","ocean_breadcrumbs_links_hover_color":"","ocean_display_footer_widgets":"default","ocean_display_footer_bottom":"default","ocean_custom_footer_template":"","footnotes":""},"class_list":["post-3","page","type-page","status-publish","hentry","entry","owp-thumbs-layout-horizontal","owp-btn-normal","owp-tabs-layout-horizontal","has-no-thumbnails","has-product-nav"],"acf":[],"yoast_head":"<!-- This site is optimized with the Yoast SEO Premium plugin v25.6 (Yoast SEO v25.7) - https:\/\/yoast.com\/wordpress\/plugins\/seo\/ -->\n<title>Polityka prywatno\u015bci - Parking Wroc\u0142aw Lotnisko<\/title>\n<meta name=\"robots\" content=\"index, follow, max-snippet:-1, max-image-preview:large, max-video-preview:-1\" \/>\n<link rel=\"canonical\" href=\"https:\/\/www.parking-wroclaw.com.pl\/en\/polityka-prywatnosci\/\" \/>\n<meta property=\"og:locale\" content=\"en_GB\" \/>\n<meta property=\"og:type\" content=\"article\" \/>\n<meta property=\"og:title\" content=\"Polityka prywatno\u015bci\" \/>\n<meta property=\"og:description\" content=\"Zgodnie z art. 13 ust. 1 i ust. 2 og\u00f3lnego rozporz\u0105dzenia o ochronie danych osobowych z dnia 27 kwietnia 2016 r. informuj\u0119, i\u017c: 1) administratorem Pani\/Pana danych osobowych jest\u00a0MARO Marek Karwi\u0144ski z siedzib\u0105 w\u00a054-530 Wroc\u0142aw, ul.Graniczna 85 \u00a0 2) inspektorem ochrony danych w\u00a0parking-wroclaw.com.pl jest MARO &#8211; Marek Karwi\u0144ski, 54-530 Wroc\u0142aw, ul.Graniczna 85\u00a0 \u00a0 3) Pani\/Pana [&hellip;]\" \/>\n<meta property=\"og:url\" content=\"https:\/\/www.parking-wroclaw.com.pl\/en\/polityka-prywatnosci\/\" \/>\n<meta property=\"og:site_name\" content=\"Parking Wroc\u0142aw Lotnisko\" \/>\n<meta property=\"article:modified_time\" content=\"2020-08-14T05:50:50+00:00\" \/>\n<meta name=\"twitter:card\" content=\"summary_large_image\" \/>\n<meta name=\"twitter:label1\" content=\"Estimated reading time\" \/>\n\t<meta name=\"twitter:data1\" content=\"3 minutes\" \/>\n<script type=\"application\/ld+json\" class=\"yoast-schema-graph\">{\"@context\":\"https:\/\/schema.org\",\"@graph\":[{\"@type\":\"WebPage\",\"@id\":\"https:\/\/www.parking-wroclaw.com.pl\/polityka-prywatnosci\/\",\"url\":\"https:\/\/www.parking-wroclaw.com.pl\/polityka-prywatnosci\/\",\"name\":\"Polityka prywatno\u015bci - Parking Wroc\u0142aw Lotnisko\",\"isPartOf\":{\"@id\":\"https:\/\/www.parking-wroclaw.com.pl\/#website\"},\"datePublished\":\"2019-01-07T09:09:14+00:00\",\"dateModified\":\"2020-08-14T05:50:50+00:00\",\"breadcrumb\":{\"@id\":\"https:\/\/www.parking-wroclaw.com.pl\/polityka-prywatnosci\/#breadcrumb\"},\"inLanguage\":\"en-GB\",\"potentialAction\":[{\"@type\":\"ReadAction\",\"target\":[\"https:\/\/www.parking-wroclaw.com.pl\/polityka-prywatnosci\/\"]}]},{\"@type\":\"BreadcrumbList\",\"@id\":\"https:\/\/www.parking-wroclaw.com.pl\/polityka-prywatnosci\/#breadcrumb\",\"itemListElement\":[{\"@type\":\"ListItem\",\"position\":1,\"name\":\"Strona g\u0142\u00f3wna\",\"item\":\"https:\/\/www.parking-wroclaw.com.pl\/\"},{\"@type\":\"ListItem\",\"position\":2,\"name\":\"Polityka prywatno\u015bci\"}]},{\"@type\":\"WebSite\",\"@id\":\"https:\/\/www.parking-wroclaw.com.pl\/#website\",\"url\":\"https:\/\/www.parking-wroclaw.com.pl\/\",\"name\":\"Parking Wroc\u0142aw Lotnisko\",\"description\":\"\",\"potentialAction\":[{\"@type\":\"SearchAction\",\"target\":{\"@type\":\"EntryPoint\",\"urlTemplate\":\"https:\/\/www.parking-wroclaw.com.pl\/?s={search_term_string}\"},\"query-input\":{\"@type\":\"PropertyValueSpecification\",\"valueRequired\":true,\"valueName\":\"search_term_string\"}}],\"inLanguage\":\"en-GB\"},{\"@type\":\"ImageObject\",\"inLanguage\":\"en-GB\",\"@id\":\"https:\/\/www.parking-wroclaw.com.pl\/polityka-prywatnosci\/#local-main-organization-logo\",\"url\":\"\",\"contentUrl\":\"\",\"caption\":\"Parking Wroc\u0142aw Lotnisko\"}]}<\/script>\n<!-- \/ Yoast SEO Premium plugin. -->","yoast_head_json":{"title":"Polityka prywatno\u015bci - Parking Wroc\u0142aw Lotnisko","robots":{"index":"index","follow":"follow","max-snippet":"max-snippet:-1","max-image-preview":"max-image-preview:large","max-video-preview":"max-video-preview:-1"},"canonical":"https:\/\/www.parking-wroclaw.com.pl\/en\/polityka-prywatnosci\/","og_locale":"en_GB","og_type":"article","og_title":"Polityka prywatno\u015bci","og_description":"Zgodnie z art. 13 ust. 1 i ust. 2 og\u00f3lnego rozporz\u0105dzenia o ochronie danych osobowych z dnia 27 kwietnia 2016 r. informuj\u0119, i\u017c: 1) administratorem Pani\/Pana danych osobowych jest\u00a0MARO Marek Karwi\u0144ski z siedzib\u0105 w\u00a054-530 Wroc\u0142aw, ul.Graniczna 85 \u00a0 2) inspektorem ochrony danych w\u00a0parking-wroclaw.com.pl jest MARO &#8211; Marek Karwi\u0144ski, 54-530 Wroc\u0142aw, ul.Graniczna 85\u00a0 \u00a0 3) Pani\/Pana [&hellip;]","og_url":"https:\/\/www.parking-wroclaw.com.pl\/en\/polityka-prywatnosci\/","og_site_name":"Parking Wroc\u0142aw Lotnisko","article_modified_time":"2020-08-14T05:50:50+00:00","twitter_card":"summary_large_image","twitter_misc":{"Estimated reading time":"3 minutes"},"schema":{"@context":"https:\/\/schema.org","@graph":[{"@type":"WebPage","@id":"https:\/\/www.parking-wroclaw.com.pl\/polityka-prywatnosci\/","url":"https:\/\/www.parking-wroclaw.com.pl\/polityka-prywatnosci\/","name":"Polityka prywatno\u015bci - Parking Wroc\u0142aw Lotnisko","isPartOf":{"@id":"https:\/\/www.parking-wroclaw.com.pl\/#website"},"datePublished":"2019-01-07T09:09:14+00:00","dateModified":"2020-08-14T05:50:50+00:00","breadcrumb":{"@id":"https:\/\/www.parking-wroclaw.com.pl\/polityka-prywatnosci\/#breadcrumb"},"inLanguage":"en-GB","potentialAction":[{"@type":"ReadAction","target":["https:\/\/www.parking-wroclaw.com.pl\/polityka-prywatnosci\/"]}]},{"@type":"BreadcrumbList","@id":"https:\/\/www.parking-wroclaw.com.pl\/polityka-prywatnosci\/#breadcrumb","itemListElement":[{"@type":"ListItem","position":1,"name":"Strona g\u0142\u00f3wna","item":"https:\/\/www.parking-wroclaw.com.pl\/"},{"@type":"ListItem","position":2,"name":"Polityka prywatno\u015bci"}]},{"@type":"WebSite","@id":"https:\/\/www.parking-wroclaw.com.pl\/#website","url":"https:\/\/www.parking-wroclaw.com.pl\/","name":"Parking Wroc\u0142aw Lotnisko","description":"","potentialAction":[{"@type":"SearchAction","target":{"@type":"EntryPoint","urlTemplate":"https:\/\/www.parking-wroclaw.com.pl\/?s={search_term_string}"},"query-input":{"@type":"PropertyValueSpecification","valueRequired":true,"valueName":"search_term_string"}}],"inLanguage":"en-GB"},{"@type":"ImageObject","inLanguage":"en-GB","@id":"https:\/\/www.parking-wroclaw.com.pl\/polityka-prywatnosci\/#local-main-organization-logo","url":"","contentUrl":"","caption":"Parking Wroc\u0142aw Lotnisko"}]}},"_links":{"self":[{"href":"https:\/\/www.parking-wroclaw.com.pl\/en\/wp-json\/wp\/v2\/pages\/3","targetHints":{"allow":["GET"]}}],"collection":[{"href":"https:\/\/www.parking-wroclaw.com.pl\/en\/wp-json\/wp\/v2\/pages"}],"about":[{"href":"https:\/\/www.parking-wroclaw.com.pl\/en\/wp-json\/wp\/v2\/types\/page"}],"author":[{"embeddable":true,"href":"https:\/\/www.parking-wroclaw.com.pl\/en\/wp-json\/wp\/v2\/users\/1"}],"replies":[{"embeddable":true,"href":"https:\/\/www.parking-wroclaw.com.pl\/en\/wp-json\/wp\/v2\/comments?post=3"}],"version-history":[{"count":7,"href":"https:\/\/www.parking-wroclaw.com.pl\/en\/wp-json\/wp\/v2\/pages\/3\/revisions"}],"predecessor-version":[{"id":2264,"href":"https:\/\/www.parking-wroclaw.com.pl\/en\/wp-json\/wp\/v2\/pages\/3\/revisions\/2264"}],"wp:attachment":[{"href":"https:\/\/www.parking-wroclaw.com.pl\/en\/wp-json\/wp\/v2\/media?parent=3"}],"curies":[{"name":"wp","href":"https:\/\/api.w.org\/{rel}","templated":true}]}}